{"version":"1.0","provider_name":"odabrano","provider_url":"https:\/\/odabrano.com","author_name":"admin","author_url":"https:\/\/odabrano.com\/index.php\/author\/sokolneno_u3xb387h\/","title":"Porast antikr\u0161\u0107anskih ispada u Njema\u010dkoj - odabrano","type":"rich","width":600,"height":338,"html":"<blockquote class=\"wp-embedded-content\" data-secret=\"EBrt60HUv5\"><a href=\"https:\/\/odabrano.com\/index.php\/2024\/05\/19\/porast-antikrscanskih-ispada-u-njemackoj\/\">Porast antikr\u0161\u0107anskih ispada u Njema\u010dkoj<\/a><\/blockquote><iframe sandbox=\"allow-scripts\" security=\"restricted\" src=\"https:\/\/odabrano.com\/index.php\/2024\/05\/19\/porast-antikrscanskih-ispada-u-njemackoj\/embed\/#?secret=EBrt60HUv5\" width=\"600\" height=\"338\" title=\"&#8220;Porast antikr\u0161\u0107anskih ispada u Njema\u010dkoj&#8221; &#8212; odabrano\" data-secret=\"EBrt60HUv5\" frameborder=\"0\" marginwidth=\"0\" marginheight=\"0\" scrolling=\"no\" class=\"wp-embedded-content\"><\/iframe><script type=\"text\/javascript\">\n\/* <![CDATA[ *\/\n\/*! This file is auto-generated *\/\n!function(d,l){\"use strict\";l.querySelector&&d.addEventListener&&\"undefined\"!=typeof URL&&(d.wp=d.wp||{},d.wp.receiveEmbedMessage||(d.wp.receiveEmbedMessage=function(e){var t=e.data;if((t||t.secret||t.message||t.value)&&!\/[^a-zA-Z0-9]\/.test(t.secret)){for(var s,r,n,a=l.querySelectorAll('iframe[data-secret=\"'+t.secret+'\"]'),o=l.querySelectorAll('blockquote[data-secret=\"'+t.secret+'\"]'),c=new RegExp(\"^https?:$\",\"i\"),i=0;i<o.length;i++)o[i].style.display=\"none\";for(i=0;i<a.length;i++)s=a[i],e.source===s.contentWindow&&(s.removeAttribute(\"style\"),\"height\"===t.message?(1e3<(r=parseInt(t.value,10))?r=1e3:~~r<200&&(r=200),s.height=r):\"link\"===t.message&&(r=new URL(s.getAttribute(\"src\")),n=new URL(t.value),c.test(n.protocol))&&n.host===r.host&&l.activeElement===s&&(d.top.location.href=t.value))}},d.addEventListener(\"message\",d.wp.receiveEmbedMessage,!1),l.addEventListener(\"DOMContentLoaded\",function(){for(var e,t,s=l.querySelectorAll(\"iframe.wp-embedded-content\"),r=0;r<s.length;r++)(t=(e=s[r]).getAttribute(\"data-secret\"))||(t=Math.random().toString(36).substring(2,12),e.src+=\"#?secret=\"+t,e.setAttribute(\"data-secret\",t)),e.contentWindow.postMessage({message:\"ready\",secret:t},\"*\")},!1)))}(window,document);\n\/\/# sourceURL=https:\/\/odabrano.com\/wp-includes\/js\/wp-embed.min.js\n\/* ]]> *\/\n<\/script>\n","thumbnail_url":"https:\/\/odabrano.com\/wp-content\/uploads\/2024\/05\/crkva.jpg","thumbnail_width":800,"thumbnail_height":533,"description":"Broj kaznenih djela ozna\u010denih kao &#8220;antikr\u0161\u0107anska&#8221; u porastu je, rekla je njema\u010dka vlada odgovaraju\u0107i na pitanja Petra Bystrona, politi\u010dara krajnje desne stranke Alternativa za Njema\u010dku (AfD). Vladine brojke, objavljene nakon \u0161to je Bystron podnio pisana pitanja Odboru za vanjske poslove Bundestaga, pokazale su da je diljem zemlje u policijsku statistiku o politi\u010dki motiviranom kriminalu u &hellip;"}